{"id":11774,"date":"2024-03-18T13:14:04","date_gmt":"2024-03-18T12:14:04","guid":{"rendered":"https:\/\/www.dd-secondhome.nl\/woning\/brandnertal-vorarlberg-top-1-muehledoerfle\/"},"modified":"2024-07-16T09:17:04","modified_gmt":"2024-07-16T08:17:04","slug":"brandnertal-vorarlberg-top-1-muehledoerfle","status":"publish","type":"woning","link":"https:\/\/www.dd-secondhome.nl\/de\/woning\/brandnertal-vorarlberg-top-1-muehledoerfle\/","title":{"rendered":"Brandnertal &#8211; Vorarlberg Top 1 M\u00fchled\u00f6rfle"},"content":{"rendered":"<p><span style=\"font-weight: 400;\">Entdecken Sie das perfekte Zuhause im Herzen von Brand! Willkommen in diesem neu errichteten Geb\u00e4udekomplex, der von einem lokalen Bauunternehmen realisiert wurde und bei dem Wert auf Energieeffizienz und gesundes Wohnen gelegt wurde. Die T\u00fcren \u00f6ffnen sich f\u00fcr die ersten G\u00e4ste im Jahr 2023.<\/span><\/p>\n<p>&nbsp;<\/p>\n<p><span style=\"font-weight: 400;\">Diese sch\u00f6ne Wohnung ist f\u00fcr komfortables Wohnen konzipiert und bietet eine vielseitige Aufteilung, die sich sowohl zum dauerhaften Wohnen<\/span><\/p>\n<p><span style=\"font-weight: 400;\">als auch f\u00fcr die touristische Vermietung.<\/span><\/p>\n<p>&nbsp;<\/p>\n<p><span style=\"font-weight: 400;\">Der Eingang empf\u00e4ngt Sie mit einer praktischen Garderobe und f\u00fchrt Sie in das helle und ger\u00e4umige Wohnzimmer mit offener K\u00fcche. Au\u00dferdem verf\u00fcgt die<\/span><\/p>\n<p><span style=\"font-weight: 400;\">Wohnung zwei Badezimmer: eines mit Badewanne f\u00fcr entspannende Momente und ein zweites Badezimmer mit Dusche und Toilette f\u00fcr zus\u00e4tzlichen<\/span><\/p>\n<p><span style=\"font-weight: 400;\">Bequemlichkeit. Mit zwei komfortablen Schlafzimmern gibt es viel Platz f\u00fcr Sie und Ihre G\u00e4ste.<\/span><\/p>\n<p>&nbsp;<\/p>\n<p><span style=\"font-weight: 400;\">Genie\u00dfen Sie die frische Luft und die sch\u00f6ne Aussicht von Ihrer privaten Terrasse oder Ihrem Balkon, der mit einer Panoramasauna f\u00fcr ultimative<\/span><\/p>\n<p><span style=\"font-weight: 400;\">Entspannung. Und dank des Stauraums im Keller haben Sie immer gen\u00fcgend Platz, um Ihr Hab und Gut unterzubringen.<\/span><\/p>\n<p>&nbsp;<\/p>\n<p><span style=\"font-weight: 400;\">K\u00fcrzlich von einem lokalen Bauunternehmen gebauter Komplex. Energieeffizientes, gesundes Wohnen, Lage im Zentrum von Brand, 2023 ist zum ersten Mal vermietet worden. Die Immobilie ist f\u00fcr den Dauer- oder Hauptwohnsitz bzw. f\u00fcr die touristische Vermietung vorgesehen.<\/span><\/p>\n<p>&nbsp;<\/p>\n<p><span style=\"font-weight: 400;\">Entdecken Sie das perfekte Zuhause im Herzen von Brand! Willkommen in diesem neu errichteten Komplex, der von einem lokalen Bauunternehmen realisiert wurde und in dem wir Wert auf Energieeffizienz und gesundes Wohnen legen. Die T\u00fcren \u00f6ffnen sich f\u00fcr die ersten G\u00e4ste im Jahr 2023.<\/span><\/p>\n<p>&nbsp;<\/p>\n<p><span style=\"font-weight: 400;\">Diese sch\u00f6ne Wohnung ist f\u00fcr komfortables Wohnen konzipiert und bietet einen vielseitigen Grundriss, der sich sowohl f\u00fcr dauerhaftes Wohnen als auch f\u00fcr touristische Vermietungen eignet.<\/span><\/p>\n<p>&nbsp;<\/p>\n<p><span style=\"font-weight: 400;\">Der Eingang empf\u00e4ngt Sie mit einer praktischen Garderobe und f\u00fchrt Sie in das helle und ger\u00e4umige Wohnzimmer mit offener K\u00fcche. Au\u00dferdem bietet die Wohnung zwei Badezimmer: eines mit Badewanne f\u00fcr entspannende Momente und ein zweites Badezimmer mit Dusche und Toilette f\u00fcr zus\u00e4tzlichen Komfort. Mit zwei komfortablen Schlafzimmern gibt es viel Platz f\u00fcr Sie und Ihre G\u00e4ste.<\/span><\/p>\n<p>&nbsp;<\/p>\n<p><span style=\"font-weight: 400;\">Genie\u00dfen Sie die frische Luft und die herrliche Aussicht von Ihrer privaten Terrasse oder Ihrem Balkon, der mit einer Panoramasauna f\u00fcr ultimative Entspannung ausgestattet ist. Und dank des Stauraums im Keller haben Sie immer gen\u00fcgend Platz, um Ihr Hab und Gut unterzubringen.<\/span><\/p>\n<p>&nbsp;<\/p>\n<p><span style=\"font-weight: 400;\">Worauf warten Sie noch? Entdecken Sie noch heute Ihr neues Zuhause in unserer charmanten Anlage im Zentrum von Brand!<\/span><\/p>\n","protected":false},"excerpt":{"rendered":"<p>Entdecken Sie das perfekte Zuhause im Herzen von Brand! Willkommen in diesem neu errichteten Geb\u00e4udekomplex, der von einem lokalen Bauunternehmen realisiert wurde und bei dem Wert auf Energieeffizienz und gesundes Wohnen gelegt wurde. Die T\u00fcren \u00f6ffnen sich f\u00fcr die ersten G\u00e4ste im Jahr 2023. &nbsp; Diese sch\u00f6ne Wohnung ist f\u00fcr komfortables Wohnen konzipiert und bietet [&hellip;]<\/p>\n","protected":false},"featured_media":10721,"menu_order":31,"template":"","meta":{"_acf_changed":false,"footnotes":""},"categories":[35],"tags":[],"class_list":["post-11774","woning","type-woning","status-publish","has-post-thumbnail","hentry","category-verkauft"],"acf":[],"yoast_head":"<!-- This site is optimized with the Yoast SEO plugin v25.4 - https:\/\/yoast.com\/wordpress\/plugins\/seo\/ -->\n<title>Brandnertal - Vorarlberg Top 1 M\u00fchled\u00f6rfle - D&amp;D Second Home<\/title>\n<meta name=\"robots\" content=\"index, follow, max-snippet:-1, max-image-preview:large, max-video-preview:-1\" \/>\n<link rel=\"canonical\" href=\"https:\/\/www.dd-secondhome.nl\/de\/woning\/brandnertal-vorarlberg-top-1-muehledoerfle\/\" \/>\n<meta property=\"og:locale\" content=\"de_DE\" \/>\n<meta property=\"og:type\" content=\"article\" \/>\n<meta property=\"og:title\" content=\"Brandnertal - Vorarlberg Top 1 M\u00fchled\u00f6rfle - D&amp;D Second Home\" \/>\n<meta property=\"og:description\" content=\"Entdecken Sie das perfekte Zuhause im Herzen von Brand! Willkommen in diesem neu errichteten Geb\u00e4udekomplex, der von einem lokalen Bauunternehmen realisiert wurde und bei dem Wert auf Energieeffizienz und gesundes Wohnen gelegt wurde. Die T\u00fcren \u00f6ffnen sich f\u00fcr die ersten G\u00e4ste im Jahr 2023. &nbsp; Diese sch\u00f6ne Wohnung ist f\u00fcr komfortables Wohnen konzipiert und bietet [&hellip;]\" \/>\n<meta property=\"og:url\" content=\"https:\/\/www.dd-secondhome.nl\/de\/woning\/brandnertal-vorarlberg-top-1-muehledoerfle\/\" \/>\n<meta property=\"og:site_name\" content=\"D&amp;D Second Home\" \/>\n<meta property=\"article:modified_time\" content=\"2024-07-16T08:17:04+00:00\" \/>\n<meta property=\"og:image\" content=\"https:\/\/www.dd-secondhome.nl\/wp-content\/uploads\/2024\/03\/530050371.jpg\" \/>\n\t<meta property=\"og:image:width\" content=\"1024\" \/>\n\t<meta property=\"og:image:height\" content=\"682\" \/>\n\t<meta property=\"og:image:type\" content=\"image\/jpeg\" \/>\n<meta name=\"twitter:card\" content=\"summary_large_image\" \/>\n<meta name=\"twitter:label1\" content=\"Gesch\u00e4tzte Lesezeit\" \/>\n\t<meta name=\"twitter:data1\" content=\"2\u00a0Minuten\" \/>\n<script type=\"application\/ld+json\" class=\"yoast-schema-graph\">{\"@context\":\"https:\/\/schema.org\",\"@graph\":[{\"@type\":\"WebPage\",\"@id\":\"https:\/\/www.dd-secondhome.nl\/de\/woning\/brandnertal-vorarlberg-top-1-muehledoerfle\/\",\"url\":\"https:\/\/www.dd-secondhome.nl\/de\/woning\/brandnertal-vorarlberg-top-1-muehledoerfle\/\",\"name\":\"Brandnertal - Vorarlberg Top 1 M\u00fchled\u00f6rfle - D&amp;D Second Home\",\"isPartOf\":{\"@id\":\"https:\/\/www.dd-secondhome.nl\/de\/#website\"},\"primaryImageOfPage\":{\"@id\":\"https:\/\/www.dd-secondhome.nl\/de\/woning\/brandnertal-vorarlberg-top-1-muehledoerfle\/#primaryimage\"},\"image\":{\"@id\":\"https:\/\/www.dd-secondhome.nl\/de\/woning\/brandnertal-vorarlberg-top-1-muehledoerfle\/#primaryimage\"},\"thumbnailUrl\":\"https:\/\/www.dd-secondhome.nl\/wp-content\/uploads\/2024\/03\/530050371.jpg\",\"datePublished\":\"2024-03-18T12:14:04+00:00\",\"dateModified\":\"2024-07-16T08:17:04+00:00\",\"breadcrumb\":{\"@id\":\"https:\/\/www.dd-secondhome.nl\/de\/woning\/brandnertal-vorarlberg-top-1-muehledoerfle\/#breadcrumb\"},\"inLanguage\":\"de\",\"potentialAction\":[{\"@type\":\"ReadAction\",\"target\":[\"https:\/\/www.dd-secondhome.nl\/de\/woning\/brandnertal-vorarlberg-top-1-muehledoerfle\/\"]}]},{\"@type\":\"ImageObject\",\"inLanguage\":\"de\",\"@id\":\"https:\/\/www.dd-secondhome.nl\/de\/woning\/brandnertal-vorarlberg-top-1-muehledoerfle\/#primaryimage\",\"url\":\"https:\/\/www.dd-secondhome.nl\/wp-content\/uploads\/2024\/03\/530050371.jpg\",\"contentUrl\":\"https:\/\/www.dd-secondhome.nl\/wp-content\/uploads\/2024\/03\/530050371.jpg\",\"width\":1024,\"height\":682},{\"@type\":\"BreadcrumbList\",\"@id\":\"https:\/\/www.dd-secondhome.nl\/de\/woning\/brandnertal-vorarlberg-top-1-muehledoerfle\/#breadcrumb\",\"itemListElement\":[{\"@type\":\"ListItem\",\"position\":1,\"name\":\"Home\",\"item\":\"https:\/\/www.dd-secondhome.nl\/de\/\"},{\"@type\":\"ListItem\",\"position\":2,\"name\":\"Brandnertal &#8211; Vorarlberg Top 1 M\u00fchled\u00f6rfle\"}]},{\"@type\":\"WebSite\",\"@id\":\"https:\/\/www.dd-secondhome.nl\/de\/#website\",\"url\":\"https:\/\/www.dd-secondhome.nl\/de\/\",\"name\":\"D&amp;D Second Home\",\"description\":\"\",\"potentialAction\":[{\"@type\":\"SearchAction\",\"target\":{\"@type\":\"EntryPoint\",\"urlTemplate\":\"https:\/\/www.dd-secondhome.nl\/de\/?s={search_term_string}\"},\"query-input\":{\"@type\":\"PropertyValueSpecification\",\"valueRequired\":true,\"valueName\":\"search_term_string\"}}],\"inLanguage\":\"de\"}]}<\/script>\n<!-- \/ Yoast SEO plugin. -->","yoast_head_json":{"title":"Brandnertal - Vorarlberg Top 1 M\u00fchled\u00f6rfle - D&amp;D Second Home","robots":{"index":"index","follow":"follow","max-snippet":"max-snippet:-1","max-image-preview":"max-image-preview:large","max-video-preview":"max-video-preview:-1"},"canonical":"https:\/\/www.dd-secondhome.nl\/de\/woning\/brandnertal-vorarlberg-top-1-muehledoerfle\/","og_locale":"de_DE","og_type":"article","og_title":"Brandnertal - Vorarlberg Top 1 M\u00fchled\u00f6rfle - D&amp;D Second Home","og_description":"Entdecken Sie das perfekte Zuhause im Herzen von Brand! Willkommen in diesem neu errichteten Geb\u00e4udekomplex, der von einem lokalen Bauunternehmen realisiert wurde und bei dem Wert auf Energieeffizienz und gesundes Wohnen gelegt wurde. Die T\u00fcren \u00f6ffnen sich f\u00fcr die ersten G\u00e4ste im Jahr 2023. &nbsp; Diese sch\u00f6ne Wohnung ist f\u00fcr komfortables Wohnen konzipiert und bietet [&hellip;]","og_url":"https:\/\/www.dd-secondhome.nl\/de\/woning\/brandnertal-vorarlberg-top-1-muehledoerfle\/","og_site_name":"D&amp;D Second Home","article_modified_time":"2024-07-16T08:17:04+00:00","og_image":[{"width":1024,"height":682,"url":"https:\/\/www.dd-secondhome.nl\/wp-content\/uploads\/2024\/03\/530050371.jpg","type":"image\/jpeg"}],"twitter_card":"summary_large_image","twitter_misc":{"Gesch\u00e4tzte Lesezeit":"2\u00a0Minuten"},"schema":{"@context":"https:\/\/schema.org","@graph":[{"@type":"WebPage","@id":"https:\/\/www.dd-secondhome.nl\/de\/woning\/brandnertal-vorarlberg-top-1-muehledoerfle\/","url":"https:\/\/www.dd-secondhome.nl\/de\/woning\/brandnertal-vorarlberg-top-1-muehledoerfle\/","name":"Brandnertal - Vorarlberg Top 1 M\u00fchled\u00f6rfle - D&amp;D Second Home","isPartOf":{"@id":"https:\/\/www.dd-secondhome.nl\/de\/#website"},"primaryImageOfPage":{"@id":"https:\/\/www.dd-secondhome.nl\/de\/woning\/brandnertal-vorarlberg-top-1-muehledoerfle\/#primaryimage"},"image":{"@id":"https:\/\/www.dd-secondhome.nl\/de\/woning\/brandnertal-vorarlberg-top-1-muehledoerfle\/#primaryimage"},"thumbnailUrl":"https:\/\/www.dd-secondhome.nl\/wp-content\/uploads\/2024\/03\/530050371.jpg","datePublished":"2024-03-18T12:14:04+00:00","dateModified":"2024-07-16T08:17:04+00:00","breadcrumb":{"@id":"https:\/\/www.dd-secondhome.nl\/de\/woning\/brandnertal-vorarlberg-top-1-muehledoerfle\/#breadcrumb"},"inLanguage":"de","potentialAction":[{"@type":"ReadAction","target":["https:\/\/www.dd-secondhome.nl\/de\/woning\/brandnertal-vorarlberg-top-1-muehledoerfle\/"]}]},{"@type":"ImageObject","inLanguage":"de","@id":"https:\/\/www.dd-secondhome.nl\/de\/woning\/brandnertal-vorarlberg-top-1-muehledoerfle\/#primaryimage","url":"https:\/\/www.dd-secondhome.nl\/wp-content\/uploads\/2024\/03\/530050371.jpg","contentUrl":"https:\/\/www.dd-secondhome.nl\/wp-content\/uploads\/2024\/03\/530050371.jpg","width":1024,"height":682},{"@type":"BreadcrumbList","@id":"https:\/\/www.dd-secondhome.nl\/de\/woning\/brandnertal-vorarlberg-top-1-muehledoerfle\/#breadcrumb","itemListElement":[{"@type":"ListItem","position":1,"name":"Home","item":"https:\/\/www.dd-secondhome.nl\/de\/"},{"@type":"ListItem","position":2,"name":"Brandnertal &#8211; Vorarlberg Top 1 M\u00fchled\u00f6rfle"}]},{"@type":"WebSite","@id":"https:\/\/www.dd-secondhome.nl\/de\/#website","url":"https:\/\/www.dd-secondhome.nl\/de\/","name":"D&amp;D Second Home","description":"","potentialAction":[{"@type":"SearchAction","target":{"@type":"EntryPoint","urlTemplate":"https:\/\/www.dd-secondhome.nl\/de\/?s={search_term_string}"},"query-input":{"@type":"PropertyValueSpecification","valueRequired":true,"valueName":"search_term_string"}}],"inLanguage":"de"}]}},"_links":{"self":[{"href":"https:\/\/www.dd-secondhome.nl\/de\/wp-json\/wp\/v2\/woning\/11774","targetHints":{"allow":["GET"]}}],"collection":[{"href":"https:\/\/www.dd-secondhome.nl\/de\/wp-json\/wp\/v2\/woning"}],"about":[{"href":"https:\/\/www.dd-secondhome.nl\/de\/wp-json\/wp\/v2\/types\/woning"}],"version-history":[{"count":1,"href":"https:\/\/www.dd-secondhome.nl\/de\/wp-json\/wp\/v2\/woning\/11774\/revisions"}],"predecessor-version":[{"id":11776,"href":"https:\/\/www.dd-secondhome.nl\/de\/wp-json\/wp\/v2\/woning\/11774\/revisions\/11776"}],"wp:featuredmedia":[{"embeddable":true,"href":"https:\/\/www.dd-secondhome.nl\/de\/wp-json\/wp\/v2\/media\/10721"}],"wp:attachment":[{"href":"https:\/\/www.dd-secondhome.nl\/de\/wp-json\/wp\/v2\/media?parent=11774"}],"wp:term":[{"taxonomy":"category","embeddable":true,"href":"https:\/\/www.dd-secondhome.nl\/de\/wp-json\/wp\/v2\/categories?post=11774"},{"taxonomy":"post_tag","embeddable":true,"href":"https:\/\/www.dd-secondhome.nl\/de\/wp-json\/wp\/v2\/tags?post=11774"}],"curies":[{"name":"wp","href":"https:\/\/api.w.org\/{rel}","templated":true}]}}